{"id":4880,"date":"2025-09-29T08:52:20","date_gmt":"2025-09-29T08:52:20","guid":{"rendered":"https:\/\/jetnfly.com\/blog\/"},"modified":"2026-04-22T18:38:01","modified_gmt":"2026-04-22T18:38:01","slug":"blog","status":"publish","type":"page","link":"https:\/\/jetnfly.com\/de\/blog\/","title":{"rendered":"Blog"},"content":{"rendered":"\t\t<div data-elementor-type=\"wp-page\" data-elementor-id=\"4880\" class=\"elementor elementor-4880 elementor-4782\" data-elementor-post-type=\"page\">\n\t\t\t\t<div class=\"elementor-element elementor-element-3292738 e-flex e-con-boxed e-con e-parent\" data-id=\"3292738\" data-element_type=\"container\" data-e-type=\"container\" data-settings=\"{&quot;background_background&quot;:&quot;classic&quot;}\">\n\t\t\t\t\t<div class=\"e-con-inner\">\n\t\t<div class=\"elementor-element elementor-element-f290dd8 e-con-full e-flex e-con e-child\" data-id=\"f290dd8\" data-element_type=\"container\" data-e-type=\"container\">\n\t\t\t\t<div class=\"elementor-element elementor-element-26b50eb elementor-widget elementor-widget-heading\" data-id=\"26b50eb\" data-element_type=\"widget\" data-e-type=\"widget\" data-widget_type=\"heading.default\">\n\t\t\t\t<div class=\"elementor-widget-container\">\n\t\t\t\t\t<h1 class=\"elementor-heading-title elementor-size-default\"><strong>Blog<\/strong><\/h1>\t\t\t\t<\/div>\n\t\t\t\t<\/div>\n\t\t\t\t<div class=\"elementor-element elementor-element-194591a elementor-widget elementor-widget-heading\" data-id=\"194591a\" data-element_type=\"widget\" data-e-type=\"widget\" data-widget_type=\"heading.default\">\n\t\t\t\t<div class=\"elementor-widget-container\">\n\t\t\t\t\t<h1 class=\"elementor-heading-title elementor-size-default\">Exklusive Einblicke, <strong>Neuigkeiten und Expertise<\/strong> in der Welt der Privatluftfahrt<\/h1>\t\t\t\t<\/div>\n\t\t\t\t<\/div>\n\t\t\t\t<div class=\"elementor-element elementor-element-63a32ce elementor-widget elementor-widget-heading\" data-id=\"63a32ce\" data-element_type=\"widget\" data-e-type=\"widget\" data-widget_type=\"heading.default\">\n\t\t\t\t<div class=\"elementor-widget-container\">\n\t\t\t\t\t<h2 class=\"elementor-heading-title elementor-size-default\">Entdecken Sie Neuigkeiten aus der Welt der Privatluftfahrt, Charterreisen, Flugzeugtrends und Insider-Informationen der Branche \u2013 sorgf\u00e4ltig zusammengestellt, um Ihnen zu helfen. Unser Blog ist Ihre verl\u00e4ssliche Quelle, um exklusive Reisen noch smarter und stilvoller zu gestalten.<\/h2>\t\t\t\t<\/div>\n\t\t\t\t<\/div>\n\t\t\t\t<\/div>\n\t\t\t\t\t<\/div>\n\t\t\t\t<\/div>\n\t\t<div class=\"elementor-element elementor-element-b3e93df e-flex e-con-boxed e-con e-parent\" data-id=\"b3e93df\" data-element_type=\"container\" data-e-type=\"container\">\n\t\t\t\t\t<div class=\"e-con-inner\">\n\t\t\t\t<div class=\"elementor-element elementor-element-a132383 elementor-posts--align-left elementor-grid-3 elementor-grid-tablet-2 elementor-grid-mobile-1 elementor-posts--thumbnail-top elementor-widget elementor-widget-posts\" data-id=\"a132383\" data-element_type=\"widget\" data-e-type=\"widget\" data-settings=\"{&quot;classic_columns&quot;:&quot;3&quot;,&quot;classic_columns_tablet&quot;:&quot;2&quot;,&quot;classic_columns_mobile&quot;:&quot;1&quot;,&quot;classic_row_gap&quot;:{&quot;unit&quot;:&quot;px&quot;,&quot;size&quot;:35,&quot;sizes&quot;:[]},&quot;classic_row_gap_tablet&quot;:{&quot;unit&quot;:&quot;px&quot;,&quot;size&quot;:&quot;&quot;,&quot;sizes&quot;:[]},&quot;classic_row_gap_mobile&quot;:{&quot;unit&quot;:&quot;px&quot;,&quot;size&quot;:&quot;&quot;,&quot;sizes&quot;:[]}}\" data-widget_type=\"posts.classic\">\n\t\t\t\t<div class=\"elementor-widget-container\">\n\t\t\t\t\t\t\t<div class=\"elementor-posts-container elementor-posts elementor-posts--skin-classic elementor-grid\" role=\"list\">\n\t\t\t\t<article class=\"elementor-post elementor-grid-item post-5773 post type-post status-publish format-standard has-post-thumbnail hentry category-blog\" role=\"listitem\">\n\t\t\t\t<a class=\"elementor-post__thumbnail__link\" href=\"https:\/\/jetnfly.com\/de\/luxurioeses-skireisen-in-europa-mit-dem-privatjet-mit-dem-privatjet-stilvoll-in-die-alpen-mit-jetn-fly\/\" tabindex=\"-1\" >\n\t\t\t<div class=\"elementor-post__thumbnail\"><img fetchpriority=\"high\" decoding=\"async\" width=\"2560\" height=\"1708\" src=\"https:\/\/jetnfly.com\/wp-content\/uploads\/2026\/02\/sepp-rutz-Gb_k-cWMjL8-unsplash-scaled.jpg\" class=\"attachment-full size-full wp-image-5753\" alt=\"\" srcset=\"https:\/\/jetnfly.com\/wp-content\/uploads\/2026\/02\/sepp-rutz-Gb_k-cWMjL8-unsplash-scaled.jpg 2560w, https:\/\/jetnfly.com\/wp-content\/uploads\/2026\/02\/sepp-rutz-Gb_k-cWMjL8-unsplash-300x200.jpg 300w, https:\/\/jetnfly.com\/wp-content\/uploads\/2026\/02\/sepp-rutz-Gb_k-cWMjL8-unsplash-1024x683.jpg 1024w, https:\/\/jetnfly.com\/wp-content\/uploads\/2026\/02\/sepp-rutz-Gb_k-cWMjL8-unsplash-768x512.jpg 768w, https:\/\/jetnfly.com\/wp-content\/uploads\/2026\/02\/sepp-rutz-Gb_k-cWMjL8-unsplash-1536x1025.jpg 1536w, https:\/\/jetnfly.com\/wp-content\/uploads\/2026\/02\/sepp-rutz-Gb_k-cWMjL8-unsplash-2048x1366.jpg 2048w\" sizes=\"(max-width: 2560px) 100vw, 2560px\" \/><\/div>\n\t\t<\/a>\n\t\t\t\t<div class=\"elementor-post__text\">\n\t\t\t\t<h2 class=\"elementor-post__title\">\n\t\t\t<a href=\"https:\/\/jetnfly.com\/de\/luxurioeses-skireisen-in-europa-mit-dem-privatjet-mit-dem-privatjet-stilvoll-in-die-alpen-mit-jetn-fly\/\" >\n\t\t\t\tLuxuri\u00f6ses Skireisen in Europa mit dem Privatjet : Mit dem Privatjet stilvoll in die Alpen \u2013 mit JET\u2019N FLY\t\t\t<\/a>\n\t\t<\/h2>\n\t\t\t\t<div class=\"elementor-post__excerpt\">\n\t\t\t<p>Europa vereint einige der renommiertesten Skigebiete der Welt \u2013 von den traditionsreichen Wintersportorten der franz\u00f6sischen Alpen bis zu den spektakul\u00e4ren Landschaften der Dolomiten. F\u00fcr Reisende, die Wert auf Zeitersparnis, Privatsph\u00e4re<\/p>\n\t\t<\/div>\n\t\t\t\t\t<div class=\"elementor-post__read-more-wrapper\">\n\t\t\n\t\t<a class=\"elementor-post__read-more\" href=\"https:\/\/jetnfly.com\/de\/luxurioeses-skireisen-in-europa-mit-dem-privatjet-mit-dem-privatjet-stilvoll-in-die-alpen-mit-jetn-fly\/\" aria-label=\"Mehr \u00fcber Luxuri\u00f6ses Skireisen in Europa mit dem Privatjet : Mit dem Privatjet stilvoll in die Alpen \u2013 mit JET\u2019N FLY\" tabindex=\"-1\" >\n\t\t\tMehr Lesen\t\t<\/a>\n\n\t\t\t\t\t<\/div>\n\t\t\t\t<\/div>\n\t\t\t\t<\/article>\n\t\t\t\t<article class=\"elementor-post elementor-grid-item post-4856 post type-post status-publish format-standard has-post-thumbnail hentry category-blog\" role=\"listitem\">\n\t\t\t\t<a class=\"elementor-post__thumbnail__link\" href=\"https:\/\/jetnfly.com\/de\/5-europaische-stadte-die-sie-diesen-herbst-mit-dem-privatjet-entdecken-sollten\/\" tabindex=\"-1\" >\n\t\t\t<div class=\"elementor-post__thumbnail\"><img decoding=\"async\" width=\"2560\" height=\"1707\" src=\"https:\/\/jetnfly.com\/wp-content\/uploads\/2025\/09\/Header-2-scaled.jpeg\" class=\"attachment-full size-full wp-image-4767\" alt=\"\" srcset=\"https:\/\/jetnfly.com\/wp-content\/uploads\/2025\/09\/Header-2-scaled.jpeg 2560w, https:\/\/jetnfly.com\/wp-content\/uploads\/2025\/09\/Header-2-300x200.jpeg 300w, https:\/\/jetnfly.com\/wp-content\/uploads\/2025\/09\/Header-2-1024x683.jpeg 1024w, https:\/\/jetnfly.com\/wp-content\/uploads\/2025\/09\/Header-2-768x512.jpeg 768w, https:\/\/jetnfly.com\/wp-content\/uploads\/2025\/09\/Header-2-1536x1024.jpeg 1536w, https:\/\/jetnfly.com\/wp-content\/uploads\/2025\/09\/Header-2-2048x1365.jpeg 2048w\" sizes=\"(max-width: 2560px) 100vw, 2560px\" \/><\/div>\n\t\t<\/a>\n\t\t\t\t<div class=\"elementor-post__text\">\n\t\t\t\t<h2 class=\"elementor-post__title\">\n\t\t\t<a href=\"https:\/\/jetnfly.com\/de\/5-europaische-stadte-die-sie-diesen-herbst-mit-dem-privatjet-entdecken-sollten\/\" >\n\t\t\t\t5 europ\u00e4ische St\u00e4dte, die Sie diesen Herbst mit dem Privatjet entdecken sollten\t\t\t<\/a>\n\t\t<\/h2>\n\t\t\t\t<div class=\"elementor-post__excerpt\">\n\t\t\t<p>Wenn sich das Laub in leuchtendes Gold und tiefes Rot verwandelt, zeigt sich Europa von seiner vielleicht sch\u00f6nsten Seite. Der Herbst l\u00e4dt zu genussvollen Reisen ein \u2013 zu Spazierg\u00e4ngen durch<\/p>\n\t\t<\/div>\n\t\t\t\t\t<div class=\"elementor-post__read-more-wrapper\">\n\t\t\n\t\t<a class=\"elementor-post__read-more\" href=\"https:\/\/jetnfly.com\/de\/5-europaische-stadte-die-sie-diesen-herbst-mit-dem-privatjet-entdecken-sollten\/\" aria-label=\"Mehr \u00fcber 5 europ\u00e4ische St\u00e4dte, die Sie diesen Herbst mit dem Privatjet entdecken sollten\" tabindex=\"-1\" >\n\t\t\tMehr Lesen\t\t<\/a>\n\n\t\t\t\t\t<\/div>\n\t\t\t\t<\/div>\n\t\t\t\t<\/article>\n\t\t\t\t<article class=\"elementor-post elementor-grid-item post-4861 post type-post status-publish format-standard has-post-thumbnail hentry category-blog\" role=\"listitem\">\n\t\t\t\t<a class=\"elementor-post__thumbnail__link\" href=\"https:\/\/jetnfly.com\/de\/wie-man-einen-privatjet-chartert-der-guide-fuer-erstflieger\/\" tabindex=\"-1\" >\n\t\t\t<div class=\"elementor-post__thumbnail\"><img decoding=\"async\" width=\"2560\" height=\"1709\" src=\"https:\/\/jetnfly.com\/wp-content\/uploads\/2025\/09\/Header-1-scaled.jpeg\" class=\"attachment-full size-full wp-image-4744\" alt=\"\" srcset=\"https:\/\/jetnfly.com\/wp-content\/uploads\/2025\/09\/Header-1-scaled.jpeg 2560w, https:\/\/jetnfly.com\/wp-content\/uploads\/2025\/09\/Header-1-300x200.jpeg 300w, https:\/\/jetnfly.com\/wp-content\/uploads\/2025\/09\/Header-1-1024x683.jpeg 1024w, https:\/\/jetnfly.com\/wp-content\/uploads\/2025\/09\/Header-1-768x513.jpeg 768w, https:\/\/jetnfly.com\/wp-content\/uploads\/2025\/09\/Header-1-1536x1025.jpeg 1536w, https:\/\/jetnfly.com\/wp-content\/uploads\/2025\/09\/Header-1-2048x1367.jpeg 2048w\" sizes=\"(max-width: 2560px) 100vw, 2560px\" \/><\/div>\n\t\t<\/a>\n\t\t\t\t<div class=\"elementor-post__text\">\n\t\t\t\t<h2 class=\"elementor-post__title\">\n\t\t\t<a href=\"https:\/\/jetnfly.com\/de\/wie-man-einen-privatjet-chartert-der-guide-fuer-erstflieger\/\" >\n\t\t\t\tWie man einen Privatjet chartert: Der Guide f\u00fcr Erstflieger\t\t\t<\/a>\n\t\t<\/h2>\n\t\t\t\t<div class=\"elementor-post__excerpt\">\n\t\t\t<p>Privat zu fliegen bedeutet Freiheit pur \u2013 keine Warteschlangen, kein Gedr\u00e4nge, keine Kompromisse. Ob Gesch\u00e4ftsreise, spontaner Kurzurlaub oder der Luxusurlaub Ihres Lebens: Einen Privatjet zum ersten Mal zu chartern ist<\/p>\n\t\t<\/div>\n\t\t\t\t\t<div class=\"elementor-post__read-more-wrapper\">\n\t\t\n\t\t<a class=\"elementor-post__read-more\" href=\"https:\/\/jetnfly.com\/de\/wie-man-einen-privatjet-chartert-der-guide-fuer-erstflieger\/\" aria-label=\"Mehr \u00fcber Wie man einen Privatjet chartert: Der Guide f\u00fcr Erstflieger\" tabindex=\"-1\" >\n\t\t\tMehr Lesen\t\t<\/a>\n\n\t\t\t\t\t<\/div>\n\t\t\t\t<\/div>\n\t\t\t\t<\/article>\n\t\t\t\t<article class=\"elementor-post elementor-grid-item post-4863 post type-post status-publish format-standard has-post-thumbnail hentry category-blog\" role=\"listitem\">\n\t\t\t\t<a class=\"elementor-post__thumbnail__link\" href=\"https:\/\/jetnfly.com\/de\/5-europaeische-weinregionen-die-sie-diesen-herbst-mit-dem-privatjet-besuchen-sollten\/\" tabindex=\"-1\" >\n\t\t\t<div class=\"elementor-post__thumbnail\"><img loading=\"lazy\" decoding=\"async\" width=\"8192\" height=\"5464\" src=\"https:\/\/jetnfly.com\/wp-content\/uploads\/2025\/09\/Header.jpeg\" class=\"attachment-full size-full wp-image-4685\" alt=\"\" srcset=\"https:\/\/jetnfly.com\/wp-content\/uploads\/2025\/09\/Header.jpeg 8192w, https:\/\/jetnfly.com\/wp-content\/uploads\/2025\/09\/Header-300x200.jpeg 300w, https:\/\/jetnfly.com\/wp-content\/uploads\/2025\/09\/Header-1024x683.jpeg 1024w, https:\/\/jetnfly.com\/wp-content\/uploads\/2025\/09\/Header-768x512.jpeg 768w, https:\/\/jetnfly.com\/wp-content\/uploads\/2025\/09\/Header-1536x1025.jpeg 1536w\" sizes=\"(max-width: 8192px) 100vw, 8192px\" \/><\/div>\n\t\t<\/a>\n\t\t\t\t<div class=\"elementor-post__text\">\n\t\t\t\t<h2 class=\"elementor-post__title\">\n\t\t\t<a href=\"https:\/\/jetnfly.com\/de\/5-europaeische-weinregionen-die-sie-diesen-herbst-mit-dem-privatjet-besuchen-sollten\/\" >\n\t\t\t\t5 europ\u00e4ische Weinregionen, die Sie diesen Herbst mit dem Privatjet entdecken k\u00f6nnen\t\t\t<\/a>\n\t\t<\/h2>\n\t\t\t\t<div class=\"elementor-post__excerpt\">\n\t\t\t<p>Wenn sich die Bl\u00e4tter in warmen Gold- und Rott\u00f6nen f\u00e4rben, zeigen sich Europas Weinlandschaften von ihrer sch\u00f6nsten Seite: klares Licht, frische Luft und die Weinlese in vollem Gange. Eine Reise<\/p>\n\t\t<\/div>\n\t\t\t\t\t<div class=\"elementor-post__read-more-wrapper\">\n\t\t\n\t\t<a class=\"elementor-post__read-more\" href=\"https:\/\/jetnfly.com\/de\/5-europaeische-weinregionen-die-sie-diesen-herbst-mit-dem-privatjet-besuchen-sollten\/\" aria-label=\"Mehr \u00fcber 5 europ\u00e4ische Weinregionen, die Sie diesen Herbst mit dem Privatjet entdecken k\u00f6nnen\" tabindex=\"-1\" >\n\t\t\tMehr Lesen\t\t<\/a>\n\n\t\t\t\t\t<\/div>\n\t\t\t\t<\/div>\n\t\t\t\t<\/article>\n\t\t\t\t<\/div>\n\t\t\n\t\t\t\t\t\t<\/div>\n\t\t\t\t<\/div>\n\t\t\t\t\t<\/div>\n\t\t\t\t<\/div>\n\t\t\t\t<\/div>\n\t\t","protected":false},"excerpt":{"rendered":"<p>Blog Exklusive Einblicke, Neuigkeiten und Expertise in der Welt der Privatluftfahrt Entdecken Sie Neuigkeiten aus der Welt der Privatluftfahrt, Charterreisen, Flugzeugtrends und Insider-Informationen der Branche \u2013 sorgf\u00e4ltig zusammengestellt, um Ihnen zu helfen. Unser Blog ist Ihre verl\u00e4ssliche Quelle, um exklusive Reisen noch smarter und stilvoller zu gestalten.<\/p>\n","protected":false},"author":1,"featured_media":0,"parent":0,"menu_order":0,"comment_status":"closed","ping_status":"closed","template":"elementor_header_footer","meta":{"_acf_changed":false,"footnotes":""},"class_list":["post-4880","page","type-page","status-publish","hentry"],"acf":[],"yoast_head":"<!-- This site is optimized with the Yoast SEO plugin v27.5 - https:\/\/yoast.com\/product\/yoast-seo-wordpress\/ -->\n<title>Blog - JET&#039;N FLY<\/title>\n<meta name=\"robots\" content=\"index, follow, max-snippet:-1, max-image-preview:large, max-video-preview:-1\" \/>\n<link rel=\"canonical\" href=\"https:\/\/jetnfly.com\/de\/blog\/\" \/>\n<meta property=\"og:locale\" content=\"de_DE\" \/>\n<meta property=\"og:type\" content=\"article\" \/>\n<meta property=\"og:title\" content=\"Blog - JET&#039;N FLY\" \/>\n<meta property=\"og:description\" content=\"Blog Exklusive Einblicke, Neuigkeiten und Expertise in der Welt der Privatluftfahrt Entdecken Sie Neuigkeiten aus der Welt der Privatluftfahrt, Charterreisen, Flugzeugtrends und Insider-Informationen der Branche \u2013 sorgf\u00e4ltig zusammengestellt, um Ihnen zu helfen. Unser Blog ist Ihre verl\u00e4ssliche Quelle, um exklusive Reisen noch smarter und stilvoller zu gestalten.\" \/>\n<meta property=\"og:url\" content=\"https:\/\/jetnfly.com\/de\/blog\/\" \/>\n<meta property=\"og:site_name\" content=\"JET&#039;N FLY\" \/>\n<meta property=\"article:publisher\" content=\"https:\/\/www.facebook.com\/jetnfly\" \/>\n<meta property=\"article:modified_time\" content=\"2026-04-22T18:38:01+00:00\" \/>\n<meta property=\"og:image\" content=\"https:\/\/jetnfly.com\/wp-content\/uploads\/2024\/08\/cropped-88e518c8a54c4671fc2f753ee69a3a4b-1.png\" \/>\n\t<meta property=\"og:image:width\" content=\"1772\" \/>\n\t<meta property=\"og:image:height\" content=\"1009\" \/>\n\t<meta property=\"og:image:type\" content=\"image\/png\" \/>\n<meta name=\"twitter:card\" content=\"summary_large_image\" \/>\n<meta name=\"twitter:site\" content=\"@JET_N_FLY\" \/>\n<meta name=\"twitter:label1\" content=\"Gesch\u00e4tzte Lesezeit\" \/>\n\t<meta name=\"twitter:data1\" content=\"1\u00a0Minute\" \/>\n<script type=\"application\/ld+json\" class=\"yoast-schema-graph\">{\"@context\":\"https:\\\/\\\/schema.org\",\"@graph\":[{\"@type\":\"WebPage\",\"@id\":\"https:\\\/\\\/jetnfly.com\\\/de\\\/blog\\\/\",\"url\":\"https:\\\/\\\/jetnfly.com\\\/de\\\/blog\\\/\",\"name\":\"Blog - JET&#039;N FLY\",\"isPartOf\":{\"@id\":\"https:\\\/\\\/jetnfly.com\\\/de\\\/#website\"},\"datePublished\":\"2025-09-29T08:52:20+00:00\",\"dateModified\":\"2026-04-22T18:38:01+00:00\",\"breadcrumb\":{\"@id\":\"https:\\\/\\\/jetnfly.com\\\/de\\\/blog\\\/#breadcrumb\"},\"inLanguage\":\"de\",\"potentialAction\":[{\"@type\":\"ReadAction\",\"target\":[\"https:\\\/\\\/jetnfly.com\\\/de\\\/blog\\\/\"]}]},{\"@type\":\"BreadcrumbList\",\"@id\":\"https:\\\/\\\/jetnfly.com\\\/de\\\/blog\\\/#breadcrumb\",\"itemListElement\":[{\"@type\":\"ListItem\",\"position\":1,\"name\":\"Home\",\"item\":\"https:\\\/\\\/jetnfly.com\\\/de\\\/\"},{\"@type\":\"ListItem\",\"position\":2,\"name\":\"Blog\"}]},{\"@type\":\"WebSite\",\"@id\":\"https:\\\/\\\/jetnfly.com\\\/de\\\/#website\",\"url\":\"https:\\\/\\\/jetnfly.com\\\/de\\\/\",\"name\":\"JET'N FLY\",\"description\":\"PRIVATE JET CHARTER - FLY YOUR WAY\",\"publisher\":{\"@id\":\"https:\\\/\\\/jetnfly.com\\\/de\\\/#organization\"},\"potentialAction\":[{\"@type\":\"SearchAction\",\"target\":{\"@type\":\"EntryPoint\",\"urlTemplate\":\"https:\\\/\\\/jetnfly.com\\\/de\\\/?s={search_term_string}\"},\"query-input\":{\"@type\":\"PropertyValueSpecification\",\"valueRequired\":true,\"valueName\":\"search_term_string\"}}],\"inLanguage\":\"de\"},{\"@type\":\"Organization\",\"@id\":\"https:\\\/\\\/jetnfly.com\\\/de\\\/#organization\",\"name\":\"JET'N FLY\",\"url\":\"https:\\\/\\\/jetnfly.com\\\/de\\\/\",\"logo\":{\"@type\":\"ImageObject\",\"inLanguage\":\"de\",\"@id\":\"https:\\\/\\\/jetnfly.com\\\/de\\\/#\\\/schema\\\/logo\\\/image\\\/\",\"url\":\"https:\\\/\\\/jetnfly.com\\\/wp-content\\\/uploads\\\/2024\\\/08\\\/cropped-header-logo-e1724495855745.png\",\"contentUrl\":\"https:\\\/\\\/jetnfly.com\\\/wp-content\\\/uploads\\\/2024\\\/08\\\/cropped-header-logo-e1724495855745.png\",\"width\":512,\"height\":512,\"caption\":\"JET'N FLY\"},\"image\":{\"@id\":\"https:\\\/\\\/jetnfly.com\\\/de\\\/#\\\/schema\\\/logo\\\/image\\\/\"},\"sameAs\":[\"https:\\\/\\\/www.facebook.com\\\/jetnfly\",\"https:\\\/\\\/x.com\\\/JET_N_FLY\"]}]}<\/script>\n<!-- \/ Yoast SEO plugin. -->","yoast_head_json":{"title":"Blog - JET&#039;N FLY","robots":{"index":"index","follow":"follow","max-snippet":"max-snippet:-1","max-image-preview":"max-image-preview:large","max-video-preview":"max-video-preview:-1"},"canonical":"https:\/\/jetnfly.com\/de\/blog\/","og_locale":"de_DE","og_type":"article","og_title":"Blog - JET&#039;N FLY","og_description":"Blog Exklusive Einblicke, Neuigkeiten und Expertise in der Welt der Privatluftfahrt Entdecken Sie Neuigkeiten aus der Welt der Privatluftfahrt, Charterreisen, Flugzeugtrends und Insider-Informationen der Branche \u2013 sorgf\u00e4ltig zusammengestellt, um Ihnen zu helfen. Unser Blog ist Ihre verl\u00e4ssliche Quelle, um exklusive Reisen noch smarter und stilvoller zu gestalten.","og_url":"https:\/\/jetnfly.com\/de\/blog\/","og_site_name":"JET&#039;N FLY","article_publisher":"https:\/\/www.facebook.com\/jetnfly","article_modified_time":"2026-04-22T18:38:01+00:00","og_image":[{"width":1772,"height":1009,"url":"https:\/\/jetnfly.com\/wp-content\/uploads\/2024\/08\/cropped-88e518c8a54c4671fc2f753ee69a3a4b-1.png","type":"image\/png"}],"twitter_card":"summary_large_image","twitter_site":"@JET_N_FLY","twitter_misc":{"Gesch\u00e4tzte Lesezeit":"1\u00a0Minute"},"schema":{"@context":"https:\/\/schema.org","@graph":[{"@type":"WebPage","@id":"https:\/\/jetnfly.com\/de\/blog\/","url":"https:\/\/jetnfly.com\/de\/blog\/","name":"Blog - JET&#039;N FLY","isPartOf":{"@id":"https:\/\/jetnfly.com\/de\/#website"},"datePublished":"2025-09-29T08:52:20+00:00","dateModified":"2026-04-22T18:38:01+00:00","breadcrumb":{"@id":"https:\/\/jetnfly.com\/de\/blog\/#breadcrumb"},"inLanguage":"de","potentialAction":[{"@type":"ReadAction","target":["https:\/\/jetnfly.com\/de\/blog\/"]}]},{"@type":"BreadcrumbList","@id":"https:\/\/jetnfly.com\/de\/blog\/#breadcrumb","itemListElement":[{"@type":"ListItem","position":1,"name":"Home","item":"https:\/\/jetnfly.com\/de\/"},{"@type":"ListItem","position":2,"name":"Blog"}]},{"@type":"WebSite","@id":"https:\/\/jetnfly.com\/de\/#website","url":"https:\/\/jetnfly.com\/de\/","name":"JET'N FLY","description":"PRIVATE JET CHARTER - FLY YOUR WAY","publisher":{"@id":"https:\/\/jetnfly.com\/de\/#organization"},"potentialAction":[{"@type":"SearchAction","target":{"@type":"EntryPoint","urlTemplate":"https:\/\/jetnfly.com\/de\/?s={search_term_string}"},"query-input":{"@type":"PropertyValueSpecification","valueRequired":true,"valueName":"search_term_string"}}],"inLanguage":"de"},{"@type":"Organization","@id":"https:\/\/jetnfly.com\/de\/#organization","name":"JET'N FLY","url":"https:\/\/jetnfly.com\/de\/","logo":{"@type":"ImageObject","inLanguage":"de","@id":"https:\/\/jetnfly.com\/de\/#\/schema\/logo\/image\/","url":"https:\/\/jetnfly.com\/wp-content\/uploads\/2024\/08\/cropped-header-logo-e1724495855745.png","contentUrl":"https:\/\/jetnfly.com\/wp-content\/uploads\/2024\/08\/cropped-header-logo-e1724495855745.png","width":512,"height":512,"caption":"JET'N FLY"},"image":{"@id":"https:\/\/jetnfly.com\/de\/#\/schema\/logo\/image\/"},"sameAs":["https:\/\/www.facebook.com\/jetnfly","https:\/\/x.com\/JET_N_FLY"]}]}},"_links":{"self":[{"href":"https:\/\/jetnfly.com\/de\/wp-json\/wp\/v2\/pages\/4880","targetHints":{"allow":["GET"]}}],"collection":[{"href":"https:\/\/jetnfly.com\/de\/wp-json\/wp\/v2\/pages"}],"about":[{"href":"https:\/\/jetnfly.com\/de\/wp-json\/wp\/v2\/types\/page"}],"author":[{"embeddable":true,"href":"https:\/\/jetnfly.com\/de\/wp-json\/wp\/v2\/users\/1"}],"replies":[{"embeddable":true,"href":"https:\/\/jetnfly.com\/de\/wp-json\/wp\/v2\/comments?post=4880"}],"version-history":[{"count":13,"href":"https:\/\/jetnfly.com\/de\/wp-json\/wp\/v2\/pages\/4880\/revisions"}],"predecessor-version":[{"id":7586,"href":"https:\/\/jetnfly.com\/de\/wp-json\/wp\/v2\/pages\/4880\/revisions\/7586"}],"wp:attachment":[{"href":"https:\/\/jetnfly.com\/de\/wp-json\/wp\/v2\/media?parent=4880"}],"curies":[{"name":"wp","href":"https:\/\/api.w.org\/{rel}","templated":true}]}}